{"id":556,"date":"2021-11-11T14:43:45","date_gmt":"2021-11-11T13:43:45","guid":{"rendered":"http:\/\/192.168.1.240\/wordpress\/?page_id=556"},"modified":"2026-08-11T15:48:40","modified_gmt":"2026-08-11T13:48:40","slug":"pomucky","status":"publish","type":"page","link":"http:\/\/spc.msspctu.cz\/wordpress\/pomucky\/","title":{"rendered":"Soci\u00e1ln\u00ed slu\u017eby"},"content":{"rendered":"\n<p class=\"has-text-align-left\"><strong>P\u0158ED\u0160KOLN\u00cd D\u011aTI<\/strong> &#8211; slu\u017eby pro rodiny d\u011bt\u00ed do 7 let, jejich\u017e v\u00fdvoj je ohro\u017een\u00fd v d\u016fsledku nep\u0159\u00edzniv\u00e9ho zdravotn\u00edho stavu, nebo d\u011bt\u00ed se zdravotn\u00edm posti\u017een\u00edm. Slu\u017eby se zam\u011b\u0159uj\u00ed na podporu rodiny a podporu v\u00fdvoje d\u00edt\u011bte s ohledem na jeho specifick\u00e9 pot\u0159eby.<\/p>\n\n\n\n<p><strong><span class=\"has-inline-color has-vivid-cyan-blue-color\">Ran\u00e1 p\u00e9\u010de Diakonie St\u0159edisko Sv\u011btlo Vrchlab\u00ed<\/span><\/strong><\/p>\n\n\n\n<p><a href=\"https:\/\/vrchlabi.diakonie.cz\/sluzbav2\/rana-pece\/\">https:\/\/vrchlabi.diakonie.cz\/sluzbav2\/rana-pece\/<\/a><\/p>\n\n\n\n<p><strong><span class=\"has-inline-color has-vivid-cyan-blue-color\">Ran\u00e1 p\u00e9\u010de Slun\u00ed\u010dko Oblastn\u00ed charita Hradec Kr\u00e1lov\u00e9<\/span><\/strong><\/p>\n\n\n\n<p><a href=\"https:\/\/www.charitahk.cz\/komu-a-jak-pomahame\/stredisko-rane-pece-slunicko\/\">https:\/\/www.charitahk.cz\/komu-a-jak-pomahame\/stredisko-rane-pece-slunicko\/<\/a><\/p>\n\n\n\n<p><strong><span class=\"has-inline-color has-vivid-cyan-blue-color\">Ran\u00e1 p\u00e9\u010de LIRA Hradec Kr\u00e1lov\u00e9<\/span><\/strong><\/p>\n\n\n\n<p><a href=\"https:\/\/centrumlira.cz\/rana-pece-hradec-kralove\">https:\/\/centrumlira.cz\/rana-pece-hradec-kralove<\/a><\/p>\n\n\n\n<p><span class=\"has-inline-color has-white-color\">hhh<\/span><\/p>\n\n\n\n<p><strong>STAR\u0160\u00cd D\u011aTI\/DOSP\u00cdVAJ\u00cdC\u00cd<\/strong> &#8211; slu\u017eby zam\u011b\u0159en\u00e9 na pomoc s osamostat\u0148ov\u00e1n\u00edm, n\u00e1cvik dovednost\u00ed zvl\u00e1d\u00e1n\u00ed p\u00e9\u010de o vlastn\u00ed osobu. Pomoc s uplatn\u011bn\u00edm na trhu pr\u00e1ce.<\/p>\n\n\n\n<p><strong><span class=\"has-inline-color has-vivid-cyan-blue-color\">Aspekt N\u00e1chod<\/span><\/strong><\/p>\n\n\n\n<p><a href=\"https:\/\/www.aspektzs.cz\/\">https:\/\/www.aspektzs.cz\/<\/a><\/p>\n\n\n\n<p><strong><span class=\"has-inline-color has-vivid-cyan-blue-color\">Barevn\u00e9 domky Hajnice, Barevn\u00e1 kav\u00e1rna Trutnov \u2013 soci\u00e1ln\u00ed rehabilitace<\/span><\/strong><\/p>\n\n\n\n<p><a href=\"https:\/\/www.barevnedomky.cz\/sluzby\/socialni-rehabilitace\">https:\/\/www.barevnedomky.cz\/sluzby\/socialni-rehabilitace<\/a><\/p>\n\n\n\n<p><strong><span class=\"has-inline-color has-vivid-cyan-blue-color\">Soci\u00e1ln\u00ed rehabilitace SPIR\u00c1LA, Diakonie Vrchlab\u00ed<\/span><\/strong><\/p>\n\n\n\n<p><a href=\"https:\/\/vrchlabi.diakonie.cz\/sluzbav2\/socialni-rehabilitace-spirala\/\">https:\/\/vrchlabi.diakonie.cz\/sluzbav2\/socialni-rehabilitace-spirala\/<\/a><\/p>\n\n\n\n<p><span class=\"has-inline-color has-vivid-cyan-blue-color\"><strong>Soci\u00e1ln\u00ed rehabilitace Apropo Ji\u010d\u00edn<\/strong><\/span><\/p>\n\n\n\n<p><a href=\"https:\/\/apropojicin.cz\/co-delame\/socialni-rehabilitace\">https:\/\/apropojicin.cz\/co-delame\/socialni-rehabilitace<\/a><\/p>\n\n\n\n<p><span class=\"has-inline-color has-vivid-cyan-blue-color\"><strong>Soci\u00e1ln\u00ed rehabilitace NONA, Nov\u00e9 m\u011bsto nad Metuj\u00ed<\/strong><\/span><\/p>\n\n\n\n<p>www.nona92.cz<\/p>\n\n\n\n<p><span class=\"has-inline-color has-white-color\">hhhh<\/span><\/p>\n\n\n\n<p><strong>SOCI\u00c1LN\u011a AKTIVIZA\u010cN\u00cd SLU\u017dBY<\/strong> &#8211; individu\u00e1ln\u00ed soci\u00e1ln\u00ed pomoc a poradenstv\u00ed p\u0159i uplat\u0148ov\u00e1n\u00ed pr\u00e1v a opr\u00e1vn\u011bn\u00fdch z\u00e1jm\u016f rodi\u010d\u016f a jejich d\u011bt\u00ed, z\u00edsk\u00e1v\u00e1n\u00ed a prohlubov\u00e1n\u00ed rodi\u010dovsk\u00fdch schopnost\u00ed, dovednost\u00ed a kompetenc\u00ed, zlep\u0161en\u00ed hospoda\u0159en\u00ed rodiny, prevence zadlu\u017een\u00ed a ztr\u00e1ty bydlen\u00ed.<\/p>\n\n\n\n<p><strong><span class=\"has-inline-color has-vivid-cyan-blue-color\">Zvonek pro rodinu, Oblastn\u00ed charita Trutnov<\/span><\/strong><\/p>\n\n\n\n<p><a href=\"https:\/\/trutnov.charita.cz\/nase-sluzby\/zvonek-pro-rodinu-sas\/\">https:\/\/trutnov.charita.cz\/nase-sluzby\/zvonek-pro-rodinu-sas\/<\/a><\/p>\n\n\n\n<p><strong><span class=\"has-inline-color has-vivid-cyan-blue-color\">Soci\u00e1ln\u011b aktiviza\u010dn\u00ed slu\u017eba Diakonie Vrchlab\u00ed<\/span><\/strong><\/p>\n\n\n\n<p><a href=\"https:\/\/vrchlabi.diakonie.cz\/sluzbav2\/socialne-aktivizacni-sluzby-pro-rodiny-s-detmi\/\">https:\/\/vrchlabi.diakonie.cz\/sluzbav2\/socialne-aktivizacni-sluzby-pro-rodiny-s-detmi\/<\/a><\/p>\n\n\n\n<p><strong><span class=\"has-inline-color has-vivid-cyan-blue-color\">Labyrint &#8211; cesta pro rodinu, Oblastn\u00ed charita Dv\u016fr Kr\u00e1lov\u00e9 nad Labem<\/span><\/strong><\/p>\n\n\n\n<p><a href=\"https:\/\/dk.charita.cz\/jak-pomahame\/labyrint\/\">https:\/\/dk.charita.cz\/jak-pomahame\/labyrint\/<\/a><\/p>\n\n\n\n<p><span class=\"has-inline-color has-white-color\">hhh<\/span><\/p>\n\n\n\n<p><strong>ODLEH\u010cOVAC\u00cd SLU\u017dBY<\/strong> &#8211; poskytuj\u00ed prostor pro odpo\u010dinek a regenraci rodiny celodenn\u011b pe\u010duj\u00edc\u00ed o d\u00edt\u011b se zdravotn\u00edm znev\u00fdhodn\u011bn\u00e1m. Funguj\u00ed formou ter\u00e9nn\u00ed, ambulantn\u00ed (denn\u00ed stacion\u00e1\u0159e) nebo pobytovou (odleh\u010dovac\u00ed pobyty na dny a\u017e t\u00fddny).<\/p>\n\n\n\n<p><strong><span class=\"has-inline-color has-vivid-cyan-blue-color\">Denn\u00ed stacion\u00e1\u0159 CUSTODIUM, \u00dapice<\/span><\/strong><\/p>\n\n\n\n<p><a href=\"https:\/\/www.upice.cz\/centrum-dennich-sluzeb-mesta-upice\/os-1036\">https:\/\/www.upice.cz\/centrum-dennich-sluzeb-mesta-upice\/os-1036<\/a><\/p>\n\n\n\n<p><span class=\"has-inline-color has-vivid-cyan-blue-color\"><strong>Stacion\u00e1\u0159 Cesta, N\u00e1chod<\/strong><\/span><\/p>\n\n\n\n<p><a href=\"http:\/\/www.stacionarcesta.cz\/\" data-type=\"URL\" data-id=\"http:\/\/www.stacionarcesta.cz\/\">http:\/\/www.stacionarcesta.cz\/<\/a><\/p>\n\n\n\n<p><span class=\"has-inline-color has-vivid-cyan-blue-color\"><strong>D\u011btsk\u00e9 centrum Jilemnice<\/strong><\/span><\/p>\n\n\n\n<p><a href=\"https:\/\/www.dcjilemnice.cz\/\">https:\/\/www.dcjilemnice.cz\/<\/a><\/p>\n\n\n\n<p><strong><span class=\"has-inline-color has-vivid-cyan-blue-color\">Slunce v\u0161em &#8211; Turnov<\/span><\/strong><\/p>\n\n\n\n<p><a href=\"https:\/\/www.sluncevsem.cz\/sluzby\/odlehcovaci-sluzby\/\">https:\/\/www.sluncevsem.cz\/sluzby\/odlehcovaci-sluzby\/<\/a><\/p>\n\n\n\n<p><span class=\"has-inline-color has-vivid-cyan-blue-color\"><strong>Denn\u00ed stacion\u00e1\u0159 Apropo Ji\u010d\u00edn<\/strong><\/span><\/p>\n\n\n\n<p><a href=\"https:\/\/apropojicin.cz\/co-delame\/denni-stacionar\">https:\/\/apropojicin.cz\/co-delame\/denni-stacionar<\/a><\/p>\n\n\n\n<p><span class=\"has-inline-color has-vivid-cyan-blue-color\"><strong>Denn\u00ed stacion\u00e1\u0159 Klokan, Odleh\u010dovac\u00ed slu\u017eba Emu Ho\u0159ice<\/strong><\/span><\/p>\n\n\n\n<p><a href=\"https:\/\/www.klubklokanek.eu\/Socialni-sluzby\/EMU\/\">https:\/\/www.klubklokanek.eu\/Socialni-sluzby\/EMU\/<\/a><\/p>\n\n\n\n<p><strong><span class=\"has-inline-color has-vivid-cyan-blue-color\">Z\u00e1kladn\u00ed \u0161kola speci\u00e1ln\u00ed Neratov, Denn\u00ed stacion\u00e1\u0159 L\u00e1vka, Barto\u0161ovice v Orlick\u00fdch hor\u00e1ch<\/span><\/strong><\/p>\n\n\n\n<p>www.neratov.cz<\/p>\n\n\n\n<p><strong><span class=\"has-inline-color has-vivid-cyan-blue-color\">Domov pod Hradem \u017dampach<\/span><\/strong><\/p>\n\n\n\n<p><a href=\"https:\/\/www.csszampach.cz\/odlehcovaci-sluzba\">https:\/\/www.csszampach.cz\/odlehcovaci-sluzba<\/a><\/p>\n\n\n\n<p><span class=\"has-inline-color has-vivid-cyan-blue-color\"><strong>Dome\u010dky Rychnov nad Kn\u011b\u017enou<\/strong><\/span><\/p>\n\n\n\n<p><a href=\"https:\/\/www.domecky-rk.cz\/sluzby\/sluzba-pobytova-odlehcovaci\">https:\/\/www.domecky-rk.cz\/sluzby\/sluzba-pobytova-odlehcovaci<\/a><\/p>\n\n\n\n<p><strong><span class=\"has-inline-color has-vivid-cyan-blue-color\">Centrum denn\u00edch slu\u017eeb Orion, Rychnov nad Kn\u011b\u017enou<\/span><\/strong><\/p>\n\n\n\n<p>www.centrum-orion.cz<\/p>\n\n\n\n<p><strong><span class=\"has-inline-color has-vivid-cyan-blue-color\">Denn\u00ed stacion\u00e1\u0159 NONA, Nov\u00e9 m\u011bsto nad Metuj\u00ed<\/span><\/strong><\/p>\n\n\n\n<p>www.nona92.cz<\/p>\n\n\n\n<p><strong><span class=\"has-inline-color has-vivid-cyan-blue-color\">Denn\u00ed stacion\u00e1\u0159<\/span><\/strong> <span class=\"has-inline-color has-vivid-cyan-blue-color\"><strong>K\u0159esadlo Hradec Kr\u00e1lov\u00e9<\/strong><\/span><\/p>\n\n\n\n<p><a href=\"https:\/\/kresadlohk.cz\/\">https:\/\/kresadlohk.cz\/<\/a><\/p>\n\n\n\n<p><span class=\"has-inline-color has-white-color\">hhh<\/span><\/p>\n\n\n\n<p><strong>OSTATN\u00cd SLU\u017dBY <\/strong>&#8211; ostatn\u00ed soci\u00e1ln\u00ed slu\u017eby, kter\u00e9 m\u016f\u017eou rodin\u011b d\u00edt\u011bte se zdravotn\u00edm znev\u00fdhodn\u011bn\u00edm pomoci<\/p>\n\n\n\n<p><strong><span class=\"has-inline-color has-vivid-cyan-blue-color\">Homesharing, Rychnov nad Kn\u011b\u017enou<\/span><\/strong> &#8211; nov\u00e1 forma pomoci rodi\u010d\u016fm pe\u010duj\u00edc\u00edm o d\u00edt\u011b s posti\u017een\u00edm, kter\u00e1 umo\u017e\u0148uje pravideln\u00fd pobyt d\u00edt\u011bte s posti\u017een\u00edm v dom\u00e1cnosti tzv. hostitele (dobrovoln\u00edka)<\/p>\n\n\n\n<p><a href=\"ttps:\/\/centrum-orion.cz\/homesharing\/\" data-type=\"URL\" data-id=\"ttps:\/\/centrum-orion.cz\/homesharing\/\">ttps:\/\/centrum-orion.cz\/homesharing\/<\/a><\/p>\n\n\n\n<p><span class=\"has-inline-color has-vivid-cyan-blue-color\"><strong>Centrum dobrovoln\u00edk\u016f, Oblastn\u00ed charita Trutnov<\/strong><\/span> &#8211; pomoc s hled\u00e1n\u00edm dobrovoln\u00edk\u016f p\u0159i specifick\u00e9 p\u00e9\u010di o d\u00edt\u011b<\/p>\n\n\n\n<p><a href=\"https:\/\/trutnov.charita.cz\/nase-sluzby\/centrum-dobrovolniku\/\">https:\/\/trutnov.charita.cz\/nase-sluzby\/centrum-dobrovolniku\/<\/a><\/p>\n\n\n\n<p><span class=\"has-inline-color has-vivid-cyan-blue-color\"><strong>Osobn\u00ed asistence<\/strong><\/span> &#8211; osobn\u00ed asistence pro d\u011bti a dosp\u00edvaj\u00edc\u00ed, pom\u00e1h\u00e1 klient\u016fm zvl\u00e1dat \u00fakony spojen\u00e9 s p\u00e9\u010d\u00ed o vlastn\u00ed osobu (nap\u0159. pomoc s j\u00eddlem, obl\u00e9k\u00e1n\u00edm \u010di toaletou ve \u0161kole)<\/p>\n\n\n\n<p><strong>Oblastn\u00ed charita Trutnov: <\/strong><a href=\"https:\/\/trutnov.charita.cz\/nase-sluzby\/osobni-asistence\/\">https:\/\/trutnov.charita.cz\/nase-sluzby\/osobni-asistence\/<\/a><\/p>\n\n\n\n<p><strong>Diakonie Vrchlab\u00ed:<\/strong> <a href=\"https:\/\/vrchlabi.diakonie.cz\/sluzbav2\/osobni-asistence\/\">https:\/\/vrchlabi.diakonie.cz\/sluzbav2\/osobni-asistence\/<\/a><\/p>\n\n\n\n<p><strong>Oblastn\u00ed charita Dv\u016fr Kr\u00e1lov\u00e9 nad Labem:<\/strong> <a href=\"https:\/\/dk.charita.cz\/jak-pomahame\/oa\/\">https:\/\/dk.charita.cz\/jak-pomahame\/oa\/<\/a><\/p>\n\n\n\n<p><strong>Nautis Hradec Kr\u00e1lov\u00e9:<\/strong> <a href=\"https:\/\/www.khk.cz\/oblasti\/socialni-oblast\/aktuality\/osobni-asistence-pro-lidi-s-poruchou-autistickeho-spektra-nautis-nove-v-hradci-kralove\">https:\/\/www.khk.cz\/oblasti\/socialni-oblast\/aktuality\/osobni-asistence-pro-lidi-s-poruchou-autistickeho-spektra-nautis-nove-v-hradci-kralove<\/a><\/p>\n\n\n\n<p><strong>Rychnov nad Kn\u011b\u017enou: <\/strong>www.centrum-orion.cz<\/p>\n\n\n\n<p><strong><span class=\"has-inline-color has-vivid-cyan-blue-color\">Odborn\u00e9 soci\u00e1ln\u00ed poradenstv\u00ed &#8211;<\/span><\/strong> pom\u016f\u017ee v oblasti z\u00e1kladn\u00edho i odborn\u00e9ho soci\u00e1ln\u00edho poradenstv\u00ed pro rodiny s d\u011btmi se zdravotn\u00edm znev\u00fdhodn\u011bn\u00edm<\/p>\n\n\n\n<p><strong>Kr\u00e1lov\u00e9hradeck\u00fd kraj:<\/strong> https:\/\/czphk.cz\/odborne-socialni-poradenstvi<\/p>\n\n\n\n<p><strong>Hradec Kr\u00e1lov\u00e9:<\/strong> https:\/\/kresadlohk.cz\/<\/p>\n\n\n\n<p><strong>Rychnov nad Kn\u011b\u017enou: <\/strong>www.centrum-orion.cz<\/p>\n\n\n\n<p><span class=\"has-inline-color has-vivid-cyan-blue-color\"><strong>Man\u017eelsk\u00e1 a rodinn\u00e1 poradna RIAPS<\/strong><\/span> &#8211; pom\u016f\u017ee v ot\u00e1zk\u00e1ch v\u00fdchovy a se zvl\u00e1d\u00e1n\u00edm n\u00e1ro\u010dnosti p\u00e9\u010de o d\u00edt\u011b s<\/p>\n\n\n\n<p><a href=\"https:\/\/www.riaps.cz\/poradna\/\">https:\/\/www.riaps.cz\/poradna\/<\/a><\/p>\n","protected":false},"excerpt":{"rendered":"<p>P\u0158ED\u0160KOLN\u00cd D\u011aTI &#8211; slu\u017eby pro rodiny d\u011bt\u00ed do 7 let, jejich\u017e v\u00fdvoj je ohro\u017een\u00fd v d\u016fsledku nep\u0159\u00edzniv\u00e9ho zdravotn\u00edho stavu, nebo &hellip; <\/p>\n","protected":false},"author":1,"featured_media":0,"parent":0,"menu_order":0,"comment_status":"closed","ping_status":"closed","template":"","meta":{"_jet_sm_ready_style":"","_jet_sm_style":"","_jet_sm_controls_values":"","_jet_sm_fonts_collection":"","_jet_sm_fonts_links":""},"_links":{"self":[{"href":"http:\/\/spc.msspctu.cz\/wordpress\/wp-json\/wp\/v2\/pages\/556"}],"collection":[{"href":"http:\/\/spc.msspctu.cz\/wordpress\/wp-json\/wp\/v2\/pages"}],"about":[{"href":"http:\/\/spc.msspctu.cz\/wordpress\/wp-json\/wp\/v2\/types\/page"}],"author":[{"embeddable":true,"href":"http:\/\/spc.msspctu.cz\/wordpress\/wp-json\/wp\/v2\/users\/1"}],"replies":[{"embeddable":true,"href":"http:\/\/spc.msspctu.cz\/wordpress\/wp-json\/wp\/v2\/comments?post=556"}],"version-history":[{"count":27,"href":"http:\/\/spc.msspctu.cz\/wordpress\/wp-json\/wp\/v2\/pages\/556\/revisions"}],"predecessor-version":[{"id":1542,"href":"http:\/\/spc.msspctu.cz\/wordpress\/wp-json\/wp\/v2\/pages\/556\/revisions\/1542"}],"wp:attachment":[{"href":"http:\/\/spc.msspctu.cz\/wordpress\/wp-json\/wp\/v2\/media?parent=556"}],"curies":[{"name":"wp","href":"https:\/\/api.w.org\/{rel}","templated":true}]}}